{"id":693,"date":"2020-02-26T16:26:53","date_gmt":"2020-02-26T15:26:53","guid":{"rendered":"http:\/\/dufeemains.be\/?page_id=693"},"modified":"2020-05-26T18:32:02","modified_gmt":"2020-05-26T16:32:02","slug":"soins-specifiques","status":"publish","type":"page","link":"https:\/\/dufeemains.be\/?page_id=693","title":{"rendered":"Les soins sp\u00e9cifiques"},"content":{"rendered":"\n<p>En plus <strong><a href=\"http:\/\/dufeemains.be\/?page_id=692\">du soin de base<\/a><\/strong>, la M\u00e9thode Enelph pr\u00e9sente des soins sp\u00e9cifiques.  Ceux-ci sont pratiqu\u00e9s sur une  personne habill\u00e9e et durent entre 20 et 50 minutes selon le soin pratiqu\u00e9.<\/p>\n\n\n\n<p>Actuellement, j&#8217;ai pu suivre l&#8217;enseignement de 5 soins sp\u00e9cifiques et peux ainsi les prodiguer :<\/p>\n\n\n\n<div class=\"wp-block-media-text alignwide\"><figure class=\"wp-block-media-text__media\"><img loading=\"lazy\" width=\"300\" height=\"200\" src=\"http:\/\/dufeemains.be\/wp-content\/uploads\/2020\/02\/Soin-lib\u00e9ration-\u00e9motionnelle-300x200-1.jpeg\" alt=\"\" class=\"wp-image-825\"\/><\/figure><div class=\"wp-block-media-text__content\">\n<p class=\"has-small-font-size\"><strong>Soin \u00e9motionnel <\/strong>: Pour aider les personnes qui ont du mal \u00e0 g\u00e9rer leurs \u00e9motions<\/p>\n<\/div><\/div>\n\n\n\n<div class=\"wp-block-media-text alignwide\"><figure class=\"wp-block-media-text__media\"><img loading=\"lazy\" width=\"278\" height=\"181\" src=\"http:\/\/dufeemains.be\/wp-content\/uploads\/2020\/02\/mental.jpg\" alt=\"\" class=\"wp-image-826\"\/><\/figure><div class=\"wp-block-media-text__content\">\n<p class=\"has-small-font-size\"><strong>Soin mental <\/strong>: Pour apaiser le mental et toutes les pens\u00e9es qui rendent le sommeil compliqu\u00e9.  Pour permettre une pens\u00e9e plus claire.<\/p>\n<\/div><\/div>\n\n\n\n<div class=\"wp-block-media-text alignwide\"><figure class=\"wp-block-media-text__media\"><img loading=\"lazy\" width=\"1024\" height=\"1024\" src=\"http:\/\/dufeemains.be\/wp-content\/uploads\/2020\/02\/prendre-soin-de-son-foie-1-1024x1024.jpg\" alt=\"\" class=\"wp-image-827\" srcset=\"https:\/\/dufeemains.be\/wp-content\/uploads\/2020\/02\/prendre-soin-de-son-foie-1.jpg 1024w, https:\/\/dufeemains.be\/wp-content\/uploads\/2020\/02\/prendre-soin-de-son-foie-1-250x250.jpg 250w, https:\/\/dufeemains.be\/wp-content\/uploads\/2020\/02\/prendre-soin-de-son-foie-1-100x100.jpg 100w, https:\/\/dufeemains.be\/wp-content\/uploads\/2020\/02\/prendre-soin-de-son-foie-1-350x350.jpg 350w, https:\/\/dufeemains.be\/wp-content\/uploads\/2020\/02\/prendre-soin-de-son-foie-1-300x300.jpg 300w, https:\/\/dufeemains.be\/wp-content\/uploads\/2020\/02\/prendre-soin-de-son-foie-1-150x150.jpg 150w, https:\/\/dufeemains.be\/wp-content\/uploads\/2020\/02\/prendre-soin-de-son-foie-1-768x768.jpg 768w\" sizes=\"(max-width: 767px) 89vw, (max-width: 1000px) 54vw, (max-width: 1071px) 543px, 580px\" \/><\/figure><div class=\"wp-block-media-text__content\">\n<p class=\"has-small-font-size\"><strong>Soin du foie <\/strong>: Pour nettoyer  et purifier le foie, il est conseill\u00e9 aux changements de saison.  Egalement aussi pour les personnes qui vivent de la col\u00e8re.<\/p>\n<\/div><\/div>\n\n\n\n<div class=\"wp-block-media-text alignwide\"><figure class=\"wp-block-media-text__media\"><img loading=\"lazy\" width=\"595\" height=\"216\" src=\"http:\/\/dufeemains.be\/wp-content\/uploads\/2020\/02\/phbies.jpg\" alt=\"\" class=\"wp-image-828\" srcset=\"https:\/\/dufeemains.be\/wp-content\/uploads\/2020\/02\/phbies.jpg 595w, https:\/\/dufeemains.be\/wp-content\/uploads\/2020\/02\/phbies-350x127.jpg 350w, https:\/\/dufeemains.be\/wp-content\/uploads\/2020\/02\/phbies-300x109.jpg 300w\" sizes=\"(max-width: 595px) 100vw, 595px\" \/><\/figure><div class=\"wp-block-media-text__content\">\n<p class=\"has-small-font-size\"><strong>Soin des phobies et des peurs <\/strong>: Ce soin aide dans des situations qui provoquent du stress.  Il r\u00e9tablit l&#8217;\u00e9quilibre entre le chakra coronal et le chakra de base.<\/p>\n<\/div><\/div>\n\n\n\n<div class=\"wp-block-media-text alignwide\"><figure class=\"wp-block-media-text__media\"><img loading=\"lazy\" width=\"300\" height=\"200\" src=\"http:\/\/dufeemains.be\/wp-content\/uploads\/2020\/02\/Soin-lib\u00e9ration-\u00e9motionnelle-300x200-1.jpeg\" alt=\"\" class=\"wp-image-825\"\/><\/figure><div class=\"wp-block-media-text__content\">\n<p class=\"has-small-font-size\"><strong>Soin pour l&#8217;accueil \u00e0 la naissance <\/strong>: Le but de ce soin est de permettre \u00e0 la personne d&#8217;accueillir son incarnation, quel que soit l&#8217;\u00e2ge de la personne.  Il est conseill\u00e9 pour les enfants hyperactifs ou tout enfant n\u00e9 d&#8217;une grossesse difficile (pr\u00e9matur\u00e9s, d\u00e9ni de grossesse)..<\/p>\n<\/div><\/div>\n\n\n\n<p><\/p>\n\n\n\n<p style=\"background-color:#bb5876\" class=\"has-text-color has-background has-very-light-gray-color\">Les soins sp\u00e9cifiques de la M\u00e9thode Enelph se pratiquent uniquement sur rendez-vous. Le prix des soins sp\u00e9cifiques est de 40\u20ac.<\/p>\n\n\n\n<p>Rendez-vous sur <strong><a href=\"https:\/\/www.youtube.com\/watch?v=Pec5GRhT37c\">la vid\u00e9o<\/a><\/strong> pour d\u00e9couvrir les bienfaits des soins de base et sp\u00e9cifiques de la M\u00e9thode Enelph&#8230;  prodigu\u00e9s par Salvatore Rindone, Asbl arc-en-ciel, mon ma\u00eetre enseignant et par moi-m\u00eame.<\/p>\n\n\n\n<p>Plus d&#8217;informations ?  Un rendez-vous ?  <strong><a href=\"http:\/\/dufeemains.be\/?page_id=846\">Contactez-moi<\/a><\/strong><\/p>\n","protected":false},"excerpt":{"rendered":"<p>En plus du soin de base, la M\u00e9thode Enelph pr\u00e9sente des soins sp\u00e9cifiques. Ceux-ci sont pratiqu\u00e9s sur une personne habill\u00e9e et durent entre 20 et 50 minutes selon le soin &hellip; <\/p>\n<p class=\"link-more\"><a href=\"https:\/\/dufeemains.be\/?page_id=693\" class=\"more-link\">Continue reading<span class=\"screen-reader-text\"> &#8220;Les soins sp\u00e9cifiques&#8221;<\/span><\/a><\/p>\n","protected":false},"author":1,"featured_media":0,"parent":0,"menu_order":0,"comment_status":"closed","ping_status":"closed","template":"","meta":[],"_links":{"self":[{"href":"https:\/\/dufeemains.be\/index.php?rest_route=\/wp\/v2\/pages\/693"}],"collection":[{"href":"https:\/\/dufeemains.be\/index.php?rest_route=\/wp\/v2\/pages"}],"about":[{"href":"https:\/\/dufeemains.be\/index.php?rest_route=\/wp\/v2\/types\/page"}],"author":[{"embeddable":true,"href":"https:\/\/dufeemains.be\/index.php?rest_route=\/wp\/v2\/users\/1"}],"replies":[{"embeddable":true,"href":"https:\/\/dufeemains.be\/index.php?rest_route=%2Fwp%2Fv2%2Fcomments&post=693"}],"version-history":[{"count":8,"href":"https:\/\/dufeemains.be\/index.php?rest_route=\/wp\/v2\/pages\/693\/revisions"}],"predecessor-version":[{"id":1145,"href":"https:\/\/dufeemains.be\/index.php?rest_route=\/wp\/v2\/pages\/693\/revisions\/1145"}],"wp:attachment":[{"href":"https:\/\/dufeemains.be\/index.php?rest_route=%2Fwp%2Fv2%2Fmedia&parent=693"}],"curies":[{"name":"wp","href":"https:\/\/api.w.org\/{rel}","templated":true}]}}