{"id":151,"date":"2020-02-09T21:28:58","date_gmt":"2020-02-09T20:28:58","guid":{"rendered":"http:\/\/dufeemains.be\/?page_id=151"},"modified":"2020-04-24T11:44:24","modified_gmt":"2020-04-24T09:44:24","slug":"en-construction-4","status":"publish","type":"page","link":"https:\/\/dufeemains.be\/?page_id=151","title":{"rendered":"Le bien dans son corps &#8211; Les soins \u00e9nerg\u00e9tiques&#8230;"},"content":{"rendered":"\n<figure class=\"wp-block-image size-large\"><img loading=\"lazy\" width=\"850\" height=\"256\" src=\"http:\/\/dufeemains.be\/wp-content\/uploads\/2020\/02\/logo-reiki.jpg\" alt=\"\" class=\"wp-image-708\" srcset=\"https:\/\/dufeemains.be\/wp-content\/uploads\/2020\/02\/logo-reiki.jpg 850w, https:\/\/dufeemains.be\/wp-content\/uploads\/2020\/02\/logo-reiki-350x105.jpg 350w, https:\/\/dufeemains.be\/wp-content\/uploads\/2020\/02\/logo-reiki-300x90.jpg 300w, https:\/\/dufeemains.be\/wp-content\/uploads\/2020\/02\/logo-reiki-768x231.jpg 768w\" sizes=\"(max-width: 767px) 89vw, (max-width: 1000px) 54vw, (max-width: 1071px) 543px, 580px\" \/><\/figure>\n\n\n\n<p><\/p>\n\n\n\n<p><\/p>\n\n\n\n<p>Etre en \u00e9quilibre&#8230;  Etre en sant\u00e9 ! Voil\u00e0 une priorit\u00e9 de vie souvent n\u00e9glig\u00e9e, oubli\u00e9e, mise de c\u00f4t\u00e9.  Mon chemin de d\u00e9veloppement personnel m&#8217;a fait comprendre combien la SANTE devait rester la priorit\u00e9 num\u00e9ro UN, non n\u00e9gociable.<\/p>\n\n\n\n<p style=\"color:#10420f\" class=\"has-text-color\">Du F\u00e9e mains permet la sant\u00e9 par les produits de bouche.  Par la voie des soins \u00e9nerg\u00e9tiques, elle permet \u00e9galement <strong>le bien&#8230;  dans son corps<\/strong>; second pilier de Du F\u00e9e mains.<\/p>\n\n\n\n<p>J&#8217;ai d\u00e9couvert sur mon chemin de vie les soins \u00e9nerg\u00e9tiques.  Ils  m&#8217;ont permis de faire une pause, de prendre soin de moi et de remettre mon corps et ma t\u00eate dans une douce fluidit\u00e9.<\/p>\n\n\n\n<p>Tout naturellement, j&#8217;ai voulu transmettre \u00e0 mon tour, et vous permettre de vous d\u00e9poser, de prendre soin de vous.  J&#8217;ai suivi des formations et suis devenue ma\u00eetre enseignante <a href=\"http:\/\/dufeemains.be\/?page_id=186\"><strong>Reiki<\/strong><\/a> et praticienne de soins selon <a href=\"http:\/\/dufeemains.be\/?page_id=187\"><strong>la M\u00e9thode Enelph<\/strong><\/a>.<\/p>\n\n\n\n<p>Soyez les bienvenu(e)s dans cet univers de douceur et de bien-\u00eatre !<\/p>\n\n\n\n<p>  Plus d\u2019informations ? Rendez vous?\u00a0<a href=\"http:\/\/dufeemains.be\/?page_id=846\"><strong>Contactez-moi<\/strong><\/a> <\/p>\n\n\n\n<div class=\"wp-block-image\"><figure class=\"aligncenter size-large is-resized\"><img loading=\"lazy\" src=\"http:\/\/dufeemains.be\/wp-content\/uploads\/2020\/02\/bouddha-soir-3-768x1024.jpg\" alt=\"\" class=\"wp-image-714\" width=\"268\" height=\"357\" srcset=\"https:\/\/dufeemains.be\/wp-content\/uploads\/2020\/02\/bouddha-soir-3-768x1024.jpg 768w, https:\/\/dufeemains.be\/wp-content\/uploads\/2020\/02\/bouddha-soir-3-350x467.jpg 350w, https:\/\/dufeemains.be\/wp-content\/uploads\/2020\/02\/bouddha-soir-3-225x300.jpg 225w, https:\/\/dufeemains.be\/wp-content\/uploads\/2020\/02\/bouddha-soir-3-1152x1536.jpg 1152w, https:\/\/dufeemains.be\/wp-content\/uploads\/2020\/02\/bouddha-soir-3-1536x2048.jpg 1536w, https:\/\/dufeemains.be\/wp-content\/uploads\/2020\/02\/bouddha-soir-3.jpg 1728w\" sizes=\"(max-width: 268px) 100vw, 268px\" \/><figcaption>                Bouddha de mon local de soin<br><br><\/figcaption><\/figure><\/div>\n\n\n\n<div class=\"wp-block-image\"><figure class=\"aligncenter size-large is-resized\"><img loading=\"lazy\" src=\"http:\/\/dufeemains.be\/wp-content\/uploads\/2020\/02\/citation-soins-1024x301.jpg\" alt=\"\" class=\"wp-image-716\" width=\"648\" height=\"190\" srcset=\"https:\/\/dufeemains.be\/wp-content\/uploads\/2020\/02\/citation-soins-1024x301.jpg 1024w, https:\/\/dufeemains.be\/wp-content\/uploads\/2020\/02\/citation-soins-350x103.jpg 350w, https:\/\/dufeemains.be\/wp-content\/uploads\/2020\/02\/citation-soins-300x88.jpg 300w, https:\/\/dufeemains.be\/wp-content\/uploads\/2020\/02\/citation-soins-768x226.jpg 768w, https:\/\/dufeemains.be\/wp-content\/uploads\/2020\/02\/citation-soins.jpg 1171w\" sizes=\"(max-width: 648px) 100vw, 648px\" \/><\/figure><\/div>\n\n\n\n<p><\/p>\n","protected":false},"excerpt":{"rendered":"<p>Etre en \u00e9quilibre&#8230; Etre en sant\u00e9 ! Voil\u00e0 une priorit\u00e9 de vie souvent n\u00e9glig\u00e9e, oubli\u00e9e, mise de c\u00f4t\u00e9. Mon chemin de d\u00e9veloppement personnel m&#8217;a fait comprendre combien la SANTE devait &hellip; <\/p>\n<p class=\"link-more\"><a href=\"https:\/\/dufeemains.be\/?page_id=151\" class=\"more-link\">Continue reading<span class=\"screen-reader-text\"> &#8220;Le bien dans son corps &#8211; Les soins \u00e9nerg\u00e9tiques&#8230;&#8221;<\/span><\/a><\/p>\n","protected":false},"author":1,"featured_media":0,"parent":0,"menu_order":0,"comment_status":"closed","ping_status":"closed","template":"","meta":[],"_links":{"self":[{"href":"https:\/\/dufeemains.be\/index.php?rest_route=\/wp\/v2\/pages\/151"}],"collection":[{"href":"https:\/\/dufeemains.be\/index.php?rest_route=\/wp\/v2\/pages"}],"about":[{"href":"https:\/\/dufeemains.be\/index.php?rest_route=\/wp\/v2\/types\/page"}],"author":[{"embeddable":true,"href":"https:\/\/dufeemains.be\/index.php?rest_route=\/wp\/v2\/users\/1"}],"replies":[{"embeddable":true,"href":"https:\/\/dufeemains.be\/index.php?rest_route=%2Fwp%2Fv2%2Fcomments&post=151"}],"version-history":[{"count":15,"href":"https:\/\/dufeemains.be\/index.php?rest_route=\/wp\/v2\/pages\/151\/revisions"}],"predecessor-version":[{"id":1128,"href":"https:\/\/dufeemains.be\/index.php?rest_route=\/wp\/v2\/pages\/151\/revisions\/1128"}],"wp:attachment":[{"href":"https:\/\/dufeemains.be\/index.php?rest_route=%2Fwp%2Fv2%2Fmedia&parent=151"}],"curies":[{"name":"wp","href":"https:\/\/api.w.org\/{rel}","templated":true}]}}